{"id":57,"date":"2013-06-21T11:59:57","date_gmt":"2013-06-21T11:59:57","guid":{"rendered":"http:\/\/www.idene.mg.gov.br\/site\/governadores-no-palacio-da-liberdade\/"},"modified":"2023-07-07T13:04:47","modified_gmt":"2023-07-07T16:04:47","slug":"governadores-no-palacio-da-liberdade","status":"publish","type":"page","link":"http:\/\/www.idene.mg.gov.br\/site\/governadores-no-palacio-da-liberdade\/","title":{"rendered":"Governadores no Pal\u00e1cio da Liberdade"},"content":{"rendered":"<p>Governadores do Estado de Minas Gerais e per\u00edodo(s) da(s) gest\u00e3o(\u00f5es). Clique <a href=\"http:\/\/www.mg.gov.br\/governomg\/portal\/m\/governomg\/governo\/5798-galeria-de-governadores\/5794\/5241\" target=\"_blank\" rel=\"noopener\">aqui<\/a> para acessar a p\u00e1gina do Portal do Governo para obter informa\u00e7\u00f5es sobre os Governadores e seus mandatos.<\/p>\n<p><strong>Ant\u00f4nio Olinto dos Santos Pires<\/strong><\/p>\n<ul>\n<li>17\/11\/1889 a 24\/11\/1889<\/li>\n<\/ul>\n<p><strong>Jos\u00e9 Ces\u00e1rio de Faria Alvim<\/strong><\/p>\n<ul>\n<li>25\/11\/1889 a 10\/02\/1890<\/li>\n<li>18\/06\/1891 a 09\/02\/1892<\/li>\n<\/ul>\n<p><strong>Domingos Jos\u00e9 da Rocha<\/strong><\/p>\n<ul>\n<li>20\/07\/1890 a 23\/07\/1890<\/li>\n<\/ul>\n<p><strong>Chrispim Jaques Bias Fortes<\/strong><\/p>\n<ul>\n<li>24\/07\/1890 a 11\/02\/1891<\/li>\n<li>07\/09\/1894 a 07\/09\/1898<\/li>\n<\/ul>\n<p><strong>Frederico Augusto \u00c1lvares da Silva<\/strong><\/p>\n<ul>\n<li>12\/02\/1891 a 17\/03\/1891<\/li>\n<\/ul>\n<p><strong>Ant\u00f4nio Augusto de Lima<\/strong><\/p>\n<ul>\n<li>18\/03\/1891 a 16\/06\/1891<\/li>\n<\/ul>\n<p><strong>Eduardo Ernesto da Gama Cerqueira<\/strong><\/p>\n<ul>\n<li>16\/06\/1891 a 18\/06\/1891<\/li>\n<li>09\/02\/1892 a 13\/07\/1892<\/li>\n<\/ul>\n<p><strong>Affonso Augusto Moreira Penna<\/strong><\/p>\n<ul>\n<li>13\/07\/1892 a 07\/09\/1894<\/li>\n<\/ul>\n<p><strong>Francisco Silviano de A. Brand\u00e3o<\/strong><\/p>\n<ul>\n<li>07\/09\/1898 a 21\/02\/1902<\/li>\n<\/ul>\n<p><strong>Joaquim C\u00e2ndido da Costa Senna<\/strong><\/p>\n<ul>\n<li>21\/02\/1902 a 07\/09\/1902<\/li>\n<\/ul>\n<p><strong>Francisco Ant\u00f4nio Salles<\/strong><\/p>\n<ul>\n<li>07\/09\/1902 a 07\/09\/1906<\/li>\n<\/ul>\n<p><strong>Jo\u00e3o Pinheiro da Silva<\/strong><\/p>\n<ul>\n<li>07\/09\/1906 a 26\/10\/1908<\/li>\n<\/ul>\n<p><strong>J\u00falio Bueno Brand\u00e3o<\/strong><\/p>\n<ul>\n<li>26\/10\/1908 a 03\/04\/1909<\/li>\n<\/ul>\n<p><strong>Wenceslau Braz Pereira Gomes<\/strong><\/p>\n<ul>\n<li>03\/04\/1909 a 07\/09\/1910<\/li>\n<\/ul>\n<p><strong>Ant\u00f4nio do Prado Lopes Pereira<\/strong><\/p>\n<ul>\n<li>05\/02\/1910 a 21\/03\/1910<\/li>\n<\/ul>\n<p><strong>J\u00falio Bueno Brand\u00e3o<\/strong><\/p>\n<ul>\n<li>07\/09\/1910 a 07\/09\/1914<\/li>\n<\/ul>\n<p><strong>Delfim Moreira Costa Ribeiro<\/strong><\/p>\n<ul>\n<li>07\/09\/1914 a 07\/09\/1918<\/li>\n<\/ul>\n<p><strong>Arthur da Silva Bernardes<\/strong><\/p>\n<ul>\n<li>07\/09\/1918 a 07\/09\/1922<\/li>\n<\/ul>\n<p><strong>Eduardo Carlos Vilhena do Amaral<\/strong><\/p>\n<ul>\n<li>16\/01\/1922 a 16\/04\/1922<\/li>\n<\/ul>\n<p><strong>Raul Soares de Moura<\/strong><\/p>\n<ul>\n<li>07\/09\/1922 a 04\/08\/1924<\/li>\n<\/ul>\n<p><strong>Oleg\u00e1rio Dias Maciel<\/strong><\/p>\n<ul>\n<li>04\/08\/1924 a 21\/12\/1924<\/li>\n<\/ul>\n<p><strong>Fernando de Melo Vianna<\/strong><\/p>\n<ul>\n<li>22\/12\/1924 a 07\/09\/1926<\/li>\n<\/ul>\n<p><strong>Ant\u00f4nio Carlos Ribeiro de Andrada<\/strong><\/p>\n<ul>\n<li>07\/09\/1926 a 07\/09\/1930<\/li>\n<\/ul>\n<p><strong>Oleg\u00e1rio Dias Maciel<\/strong><\/p>\n<ul>\n<li>07\/09\/1930 a 05\/09\/1933<\/li>\n<\/ul>\n<p><strong>Gustavo Capanema<\/strong><\/p>\n<ul>\n<li>05\/09\/1933 a 15\/12\/1933<\/li>\n<\/ul>\n<p><strong>Benedito Valladares Ribeiro<\/strong><\/p>\n<ul>\n<li>15\/12\/1933 a 05\/11\/1945<\/li>\n<\/ul>\n<p><strong>N\u00edsio Batista de Oliveira<\/strong><\/p>\n<ul>\n<li>05\/11\/1945 a 03\/02\/1946<\/li>\n<\/ul>\n<p><strong>Jo\u00e3o Tavares Correia Beraldo<\/strong><\/p>\n<ul>\n<li>03\/02\/1946 a 12\/08\/1946<\/li>\n<\/ul>\n<p><strong>J\u00falio Ferreira de Carvalho<\/strong><\/p>\n<ul>\n<li>14\/08\/1946 a 16\/11\/1946<\/li>\n<\/ul>\n<p><strong>Noraldino Lima<\/strong><\/p>\n<ul>\n<li>17\/11\/1946 a 25\/12\/1946<\/li>\n<\/ul>\n<p><strong>Alcides Lins<\/strong><\/p>\n<ul>\n<li>25\/12\/1946 a 18\/03\/1947<\/li>\n<\/ul>\n<p><strong>Milton Soares Campos<\/strong><\/p>\n<ul>\n<li>19\/03\/1947 a 31\/01\/1951<\/li>\n<\/ul>\n<p><strong>Juscelino Kubitschek de Oliveira<\/strong><\/p>\n<ul>\n<li>31\/01\/1951 a 31\/03\/1955<\/li>\n<\/ul>\n<p><strong>Cl\u00f3vis Salgado da Gama<\/strong><\/p>\n<ul>\n<li>31\/03\/1955 a 31\/01\/1956<\/li>\n<\/ul>\n<p><strong>Jos\u00e9 Francisco Bias Fortes<\/strong><\/p>\n<ul>\n<li>31\/01\/1956 a 31\/01\/1961<\/li>\n<\/ul>\n<p><strong>Jos\u00e9 de Magalh\u00e3es Pinto<\/strong><\/p>\n<ul>\n<li>31\/01\/1961 a 31\/01\/1966<\/li>\n<\/ul>\n<p><strong>Israel Pinheiro da Silva<\/strong><\/p>\n<ul>\n<li>31\/01\/1966 a 15\/03\/1971<\/li>\n<\/ul>\n<p><strong>Rondon Pacheco<\/strong><\/p>\n<ul>\n<li>15\/03\/1971 a 15\/03\/1975<\/li>\n<\/ul>\n<p><strong>Ant\u00f4nio Aureliano Chaves de Mendon\u00e7<\/strong>a<\/p>\n<ul>\n<li>15\/03\/1975 a 05\/07\/1978<\/li>\n<\/ul>\n<p><strong>Levindo Ozanan Coelho<\/strong><\/p>\n<ul>\n<li>O5\/o7\/1978 a 15\/03\/1979<\/li>\n<\/ul>\n<p><strong>Francelino Pereira dos Santos<\/strong><\/p>\n<ul>\n<li>15\/03\/1979 a 15\/02\/1983<\/li>\n<\/ul>\n<p><strong>Tancredo de Almeida Neves<\/strong><\/p>\n<ul>\n<li>15\/03\/1983 a 14\/08\/1984<\/li>\n<\/ul>\n<p><strong>H\u00e9lio Carvalho Garcia<\/strong><\/p>\n<ul>\n<li>14\/08\/1984 a 15\/03\/1987<\/li>\n<\/ul>\n<p><strong>Newton Cardoso<\/strong><\/p>\n<ul>\n<li>15\/03\/1987 a 15\/03\/1991<\/li>\n<\/ul>\n<p><strong>H\u00e9lio Carvalho Garcia<\/strong><\/p>\n<ul>\n<li>15\/03\/1991 a 01\/01\/1995<\/li>\n<\/ul>\n<p><strong>Jos\u00e9 Noberto de Vaz Melo<\/strong><\/p>\n<ul>\n<li>03\/11\/1994 a 17\/11\/1994<\/li>\n<\/ul>\n<p><strong>Eduardo Brand\u00e3o de Azeredo<\/strong><\/p>\n<ul>\n<li>01\/01\/1995 a 01\/01\/1999<\/li>\n<\/ul>\n<p><strong>Itamar Augusto Cautiero Franco<\/strong><\/p>\n<ul>\n<li>01\/01\/1999 a 01\/01\/2003<\/li>\n<\/ul>\n<p><strong>A\u00e9cio Neves da Cunha<\/strong><\/p>\n<ul>\n<li>01\/01\/2003 a 31\/03\/2010<\/li>\n<\/ul>\n<p><strong>Antonio Augusto Junho Anastasia<\/strong><\/p>\n<ul>\n<li>01\/04\/2010 a 04\/04\/2014<\/li>\n<\/ul>\n<p><span style=\"line-height: 1.3em; color: #999999;\"><strong style=\"color: #333333;\">Alberto Pinto Coelho<\/strong><\/span><\/p>\n<ul>\n<li>04\/04\/2014 at\u00e9 01\/01\/2015<\/li>\n<\/ul>\n<p><strong>Fernando Damata Pimentel<\/strong><\/p>\n<ul>\n<li>01\/01\/2015 at\u00e9 01\/01\/2019<\/li>\n<\/ul>\n<p><strong>Romeu Zema Neto &#8211; Atual Governador.<\/strong><\/p>\n<p>&nbsp;<\/p>\n<p>&nbsp;<\/p>\n<div id=\"idbpfpeogbhifooiagnbbdbffplkfcke\"><\/div>\n<div id=\"idbpfpeogbhifooiagnbbdbffplkfcke\"><\/div>\n","protected":false},"excerpt":{"rendered":"<p>Governadores do Estado de Minas Gerais e per&iacute;odo(s) da(s) gest&atilde;o(&otilde;es). Clique aqui para acessar a p&aacute;gina do Portal do Governo para obter informa&ccedil;&otilde;es sobre os Governadores e seus mandatos. Ant&ocirc;nio Olinto dos Santos Pires 17\/11\/1889 a 24\/11\/1889 Jos&eacute; Ces&aacute;rio de Faria Alvim 25\/11\/1889 a 10\/02\/1890 18\/06\/1891 a 09\/02\/1892 Domingos Jos&eacute; da Rocha 20\/07\/1890 a 23\/07\/1890 [&hellip;]<\/p>\n","protected":false},"author":1,"featured_media":0,"parent":0,"menu_order":0,"comment_status":"closed","ping_status":"closed","template":"","meta":{"kia_subtitle":"","_FSMCFIC_featured_image_caption":"","_FSMCFIC_featured_image_nocaption":"","_FSMCFIC_featured_image_hide":""},"_links":{"self":[{"href":"http:\/\/www.idene.mg.gov.br\/site\/wp-json\/wp\/v2\/pages\/57"}],"collection":[{"href":"http:\/\/www.idene.mg.gov.br\/site\/wp-json\/wp\/v2\/pages"}],"about":[{"href":"http:\/\/www.idene.mg.gov.br\/site\/wp-json\/wp\/v2\/types\/page"}],"author":[{"embeddable":true,"href":"http:\/\/www.idene.mg.gov.br\/site\/wp-json\/wp\/v2\/users\/1"}],"replies":[{"embeddable":true,"href":"http:\/\/www.idene.mg.gov.br\/site\/wp-json\/wp\/v2\/comments?post=57"}],"version-history":[{"count":2,"href":"http:\/\/www.idene.mg.gov.br\/site\/wp-json\/wp\/v2\/pages\/57\/revisions"}],"predecessor-version":[{"id":4845,"href":"http:\/\/www.idene.mg.gov.br\/site\/wp-json\/wp\/v2\/pages\/57\/revisions\/4845"}],"wp:attachment":[{"href":"http:\/\/www.idene.mg.gov.br\/site\/wp-json\/wp\/v2\/media?parent=57"}],"curies":[{"name":"wp","href":"https:\/\/api.w.org\/{rel}","templated":true}]}}